{"id":1981,"date":"2023-09-19T15:26:51","date_gmt":"2023-09-19T13:26:51","guid":{"rendered":"https:\/\/sanitaer-schweizer.ch\/?page_id=1981"},"modified":"2024-07-17T14:53:28","modified_gmt":"2024-07-17T12:53:28","slug":"ueber-uns","status":"publish","type":"page","link":"https:\/\/sanitaer-schweizer.ch\/?page_id=1981","title":{"rendered":"\u00dcber uns"},"content":{"rendered":"\t\t<div data-elementor-type=\"wp-page\" data-elementor-id=\"1981\" class=\"elementor elementor-1981\" data-elementor-post-type=\"page\">\n\t\t\t\t<div class=\"elementor-element elementor-element-2159e4e0 e-con-full animated-slow e-flex elementor-invisible e-con e-parent\" data-id=\"2159e4e0\" data-element_type=\"container\" data-settings=\"{&quot;background_background&quot;:&quot;classic&quot;,&quot;animation&quot;:&quot;fadeIn&quot;}\">\n\t\t<div class=\"elementor-element elementor-element-d630fd6 e-flex e-con-boxed e-con e-child\" data-id=\"d630fd6\" data-element_type=\"container\">\n\t\t\t\t\t<div class=\"e-con-inner\">\n\t\t\t\t<div class=\"elementor-element elementor-element-de98e25 elementor-widget elementor-widget-heading\" data-id=\"de98e25\" data-element_type=\"widget\" data-widget_type=\"heading.default\">\n\t\t\t\t<div class=\"elementor-widget-container\">\n\t\t\t\t\t<h2 class=\"elementor-heading-title elementor-size-xxl\">Gemeinsam gestalten<br>\nwir Zukunft.\n<\/h2>\t\t\t\t<\/div>\n\t\t\t\t<\/div>\n\t\t\t\t\t<\/div>\n\t\t\t\t<\/div>\n\t\t\t\t<\/div>\n\t\t<div class=\"elementor-element elementor-element-5a15cb30 animated-slow e-flex e-con-boxed elementor-invisible e-con e-child\" data-id=\"5a15cb30\" data-element_type=\"container\" data-settings=\"{&quot;animation&quot;:&quot;fadeIn&quot;,&quot;animation_delay&quot;:200}\">\n\t\t\t\t\t<div class=\"e-con-inner\">\n\t\t<div class=\"elementor-element elementor-element-2161a15a e-con-full e-flex e-con e-child\" data-id=\"2161a15a\" data-element_type=\"container\">\n\t\t\t\t<div class=\"elementor-element elementor-element-1e045d2b elementor-widget elementor-widget-heading\" data-id=\"1e045d2b\" data-element_type=\"widget\" data-widget_type=\"heading.default\">\n\t\t\t\t<div class=\"elementor-widget-container\">\n\t\t\t\t\t<h1 class=\"elementor-heading-title elementor-size-default\">Sanit\u00e4r Schweizer AG<\/h1>\t\t\t\t<\/div>\n\t\t\t\t<\/div>\n\t\t\t\t<\/div>\n\t\t\t\t\t<\/div>\n\t\t\t\t<\/div>\n\t\t<div class=\"elementor-element elementor-element-b6f0e4c animated-slow e-flex e-con-boxed elementor-invisible e-con e-child\" data-id=\"b6f0e4c\" data-element_type=\"container\" data-settings=\"{&quot;animation&quot;:&quot;fadeIn&quot;,&quot;animation_delay&quot;:200}\">\n\t\t\t\t\t<div class=\"e-con-inner\">\n\t\t<div class=\"elementor-element elementor-element-09f10f8 e-con-full e-flex e-con e-child\" data-id=\"09f10f8\" data-element_type=\"container\">\n\t\t\t\t<div class=\"elementor-element elementor-element-fbf9293 elementor-widget elementor-widget-image\" data-id=\"fbf9293\" data-element_type=\"widget\" data-widget_type=\"image.default\">\n\t\t\t\t<div class=\"elementor-widget-container\">\n\t\t\t\t\t\t\t\t\t\t\t\t\t\t\t<img fetchpriority=\"high\" decoding=\"async\" width=\"300\" height=\"300\" src=\"https:\/\/sanitaer-schweizer.ch\/wp-content\/uploads\/2024\/06\/Berat_Kuliqi-300x300.webp\" class=\"attachment-medium size-medium wp-image-2534\" alt=\"\" srcset=\"https:\/\/sanitaer-schweizer.ch\/wp-content\/uploads\/2024\/06\/Berat_Kuliqi-300x300.webp 300w, https:\/\/sanitaer-schweizer.ch\/wp-content\/uploads\/2024\/06\/Berat_Kuliqi-1024x1024.webp 1024w, https:\/\/sanitaer-schweizer.ch\/wp-content\/uploads\/2024\/06\/Berat_Kuliqi-150x150.webp 150w, https:\/\/sanitaer-schweizer.ch\/wp-content\/uploads\/2024\/06\/Berat_Kuliqi-768x768.webp 768w, https:\/\/sanitaer-schweizer.ch\/wp-content\/uploads\/2024\/06\/Berat_Kuliqi.webp 1449w\" sizes=\"(max-width: 300px) 100vw, 300px\" \/>\t\t\t\t\t\t\t\t\t\t\t\t\t\t\t<\/div>\n\t\t\t\t<\/div>\n\t\t\t\t<\/div>\n\t\t<div class=\"elementor-element elementor-element-e47a662 e-con-full e-flex e-con e-child\" data-id=\"e47a662\" data-element_type=\"container\">\n\t\t\t\t<div class=\"elementor-element elementor-element-8d36fb2 elementor-widget elementor-widget-heading\" data-id=\"8d36fb2\" data-element_type=\"widget\" data-widget_type=\"heading.default\">\n\t\t\t\t<div class=\"elementor-widget-container\">\n\t\t\t\t\t<h2 class=\"elementor-heading-title elementor-size-default\">UNTERNEHMENSPHILOSOPHIE<\/h2>\t\t\t\t<\/div>\n\t\t\t\t<\/div>\n\t\t\t\t<div class=\"elementor-element elementor-element-bbed57a elementor-widget elementor-widget-text-editor\" data-id=\"bbed57a\" data-element_type=\"widget\" data-widget_type=\"text-editor.default\">\n\t\t\t\t<div class=\"elementor-widget-container\">\n\t\t\t\t\t\t\t\t\t<p>Unsere langj\u00e4hrige Tradition ist das Herzst\u00fcck unseres Unternehmens. Sie verleiht uns Stabilit\u00e4t und bildet den roten Faden, der uns durch die Jahre begleitet. Wir sind stolz auf unsere famili\u00e4re Atmosph\u00e4re, die uns zu einem harmonischen Team macht. Bei uns ist jeder mehr als nur eine Mitarbeiterin oder ein Mitarbeiter \u2013 wir sind eine grosse Familie.<\/p><p>Offene Kommunikation und Transparenz sind f\u00fcr uns nicht nur Worte, sondern gelebte Werte. Wir teilen Informationen, Entscheidungen und Ideen miteinander, um gemeinsam voranzukommen. Vertrauen ist dabei der Kitt, der uns zusammenh\u00e4lt.Flexibilit\u00e4t im Arbeitsalltag ist f\u00fcr uns kein Luxus, sondern eine Notwendigkeit. Wir wissen, dass sich die Welt st\u00e4ndig ver\u00e4ndert, und wir passen uns an. Ob Homeoffice, flexible Arbeitszeiten oder neue Arbeitsmodelle \u2013 wir sind bereit f\u00fcr die Zukunft.<\/p><p>Innovation ist unser Antrieb. Wir ermutigen kreative Denkweisen und neue Ans\u00e4tze. Gemeinsam gestalten wir die Zukunft unseres Unternehmens und setzen auf moderne Technologien, um noch besser zu werden.Und nicht zuletzt: Nachhaltigkeit liegt uns am Herzen. Wir \u00fcbernehmen Verantwortung f\u00fcr unsere Umwelt und integrieren umweltbewusste Praktiken in unsere Gesch\u00e4ftsprozesse.<\/p><p>Herzliche Gr\u00fcsse\u00a0<\/p><p>B. Kuliqi, Gesch\u00e4ftsf\u00fchrer<\/p>\t\t\t\t\t\t\t\t<\/div>\n\t\t\t\t<\/div>\n\t\t\t\t<\/div>\n\t\t\t\t\t<\/div>\n\t\t\t\t<\/div>\n\t\t<div class=\"elementor-element elementor-element-12195211 e-con-full e-flex e-con e-parent\" data-id=\"12195211\" data-element_type=\"container\" data-settings=\"{&quot;background_background&quot;:&quot;classic&quot;}\">\n\t\t\t\t<\/div>\n\t\t<div class=\"elementor-element elementor-element-2ead40a animated-slow e-flex e-con-boxed elementor-invisible e-con e-child\" data-id=\"2ead40a\" data-element_type=\"container\" data-settings=\"{&quot;background_background&quot;:&quot;classic&quot;,&quot;animation&quot;:&quot;fadeIn&quot;,&quot;animation_delay&quot;:200}\">\n\t\t\t\t\t<div class=\"e-con-inner\">\n\t\t<div class=\"elementor-element elementor-element-9982b5b e-con-full e-flex e-con e-child\" data-id=\"9982b5b\" data-element_type=\"container\">\n\t\t\t\t<div class=\"elementor-element elementor-element-e2ef643 elementor-widget elementor-widget-heading\" data-id=\"e2ef643\" data-element_type=\"widget\" data-widget_type=\"heading.default\">\n\t\t\t\t<div class=\"elementor-widget-container\">\n\t\t\t\t\t<h2 class=\"elementor-heading-title elementor-size-default\">LEITBILD<\/h2>\t\t\t\t<\/div>\n\t\t\t\t<\/div>\n\t\t\t\t<div class=\"elementor-element elementor-element-fccdc50 elementor-widget elementor-widget-text-editor\" data-id=\"fccdc50\" data-element_type=\"widget\" data-widget_type=\"text-editor.default\">\n\t\t\t\t<div class=\"elementor-widget-container\">\n\t\t\t\t\t\t\t\t\t<p>Qualit\u00e4t, Kundenzufriedenheit und Nachhaltigkeit.<br \/>Wir stehen f\u00fcr h\u00f6chste Qualit\u00e4t in Produkten und Dienstleistungen. Kundenzufriedenheit ist unser Ziel deswegen versuchen wir Erwartungen zu \u00fcbertreffen. Nachhaltig ist wie wir denken, deshalb setzen wir auf umweltfreundliche L\u00f6sungen. Teamarbeit und Innovation pr\u00e4gen unsere Kultur. Integrit\u00e4t ist die Basis unseres Handelns.<br \/>Unser Leitbild gibt Orientierung und motiviert uns zu exzellentem Handeln. Wir sind ein vertrauensw\u00fcrdiger Partner, der Qualit\u00e4t, Kundenzufriedenheit und Nachhaltigkeit vereint.<\/p>\t\t\t\t\t\t\t\t<\/div>\n\t\t\t\t<\/div>\n\t\t\t\t<\/div>\n\t\t<div class=\"elementor-element elementor-element-abb7fbf e-con-full e-flex e-con e-child\" data-id=\"abb7fbf\" data-element_type=\"container\">\n\t\t\t\t<div class=\"elementor-element elementor-element-eee6f40 elementor-widget elementor-widget-heading\" data-id=\"eee6f40\" data-element_type=\"widget\" data-widget_type=\"heading.default\">\n\t\t\t\t<div class=\"elementor-widget-container\">\n\t\t\t\t\t<h2 class=\"elementor-heading-title elementor-size-default\">Team<\/h2>\t\t\t\t<\/div>\n\t\t\t\t<\/div>\n\t\t\t\t<div class=\"elementor-element elementor-element-1b752ab elementor-widget elementor-widget-text-editor\" data-id=\"1b752ab\" data-element_type=\"widget\" data-widget_type=\"text-editor.default\">\n\t\t\t\t<div class=\"elementor-widget-container\">\n\t\t\t\t\t\t\t\t\t<p>Sanit\u00e4r Schweizer ist ein engagierter und famili\u00e4rer Fachbetrieb mit langj\u00e4hriger Erfahrung in den Bereichen Sanit\u00e4rtechnik, Heizung, L\u00fcftung, Haus- und Blechtechnik. Unsere Mitarbeiter kombinieren traditionelles Handwerk mit modernen Techniken und hochwertigen Produkten. Ob Neubau, Umbau, Modernisierung oder Sanierung \u2013 Sanit\u00e4r Schweizer ist der zuverl\u00e4ssige Partner f\u00fcr alle Projekte. Wir legen Wert auf umfassende Beratung, individuelle Planung und h\u00f6chste Qualit\u00e4t.<\/p>\t\t\t\t\t\t\t\t<\/div>\n\t\t\t\t<\/div>\n\t\t\t\t<\/div>\n\t\t\t\t\t<\/div>\n\t\t\t\t<\/div>\n\t\t<div class=\"elementor-element elementor-element-d4c334f animated-slow e-flex e-con-boxed elementor-invisible e-con e-child\" data-id=\"d4c334f\" data-element_type=\"container\" data-settings=\"{&quot;background_background&quot;:&quot;classic&quot;,&quot;animation&quot;:&quot;fadeIn&quot;,&quot;animation_delay&quot;:200}\">\n\t\t\t\t\t<div class=\"e-con-inner\">\n\t\t<div class=\"elementor-element elementor-element-94139ea e-con-full e-flex e-con e-child\" data-id=\"94139ea\" data-element_type=\"container\">\n\t\t\t\t<div class=\"elementor-element elementor-element-5430fbb elementor-widget elementor-widget-heading\" data-id=\"5430fbb\" data-element_type=\"widget\" data-widget_type=\"heading.default\">\n\t\t\t\t<div class=\"elementor-widget-container\">\n\t\t\t\t\t<h2 class=\"elementor-heading-title elementor-size-default\">FIRMENGESCHICHTE<\/h2>\t\t\t\t<\/div>\n\t\t\t\t<\/div>\n\t\t\t\t<div class=\"elementor-element elementor-element-5558252 elementor-widget elementor-widget-text-editor\" data-id=\"5558252\" data-element_type=\"widget\" data-widget_type=\"text-editor.default\">\n\t\t\t\t<div class=\"elementor-widget-container\">\n\t\t\t\t\t\t\t\t\t<p>Mit dem Kauf einer gebrauchten Blech-Abkantmaschine schafften im Jahr\u00a0<strong class=\"enlarged\">1947<\/strong>\u00a0Vater, Karl Schweizer, und Sohn, Karl Schweizer Junior, die Grundlage f\u00fcr die Spenglerei KARL SCHWEIZER UND SOHN.<\/p><p>Der Spenglerberuf umfasste damals noch s\u00e4mtliche Bleiarbeiten auf dem Dach und an Wasserleitungen im Haus. Dadurch wurden die sanit\u00e4ren Installationen immer mehr ein Bestandteil der Firment\u00e4tigkeit.<\/p><p><strong class=\"enlarged\">1966<\/strong>\u00a0und\u00a0<strong class=\"enlarged\">1974<\/strong>\u00a0traten die Br\u00fcder Peter und Kurt Schweizer in die Firma ein und integrierten neue Techniken der Hausinstallationen, wie z.B. Pex-Kunststoffrohre und Personal Computer im DOS-System.<\/p><p><strong class=\"enlarged\">1981<\/strong>\u00a0wurde aus der KARL SCHWEIZER UND SOHN die SANIT\u00c4R SCHWEIZER AG.<\/p><p>Seit\u00a0<strong class=\"enlarged\">1956<\/strong> ist unsere Firma ein durch die IWB konzessionierter Installationsbetrieb.<strong class=\"enlarged\">1984<\/strong> erneuerte Kurt Schweizer die Bewilligung f\u00fcr Gas- und Wasser\u00adinstallationen als eidg. dipl. Sanit\u00e4rinstallateur.<\/p><p>Seit\u00a0<strong class=\"enlarged\">1990<\/strong>\u00a0f\u00fchrt Kurt Schweizer die Firma als Inhaber und technischer Leiter mit der urspr\u00fcnglichen Tradition eines Kleinbetriebes mit einem pers\u00f6nlichen Kontakt zum langj\u00e4hrigen Kundenkreis.<\/p><p><strong class=\"enlarged\">2012<\/strong> trat Berat Kuliqi als Chefmonteur de Firma bei. Seit <strong class=\"enlarged\">2015 <\/strong>ist Berat Kuliqi ein Mitglied der Gesch\u00e4ftsleitung und seit <strong class=\"enlarged\">2019<\/strong> alleiniger Inhaber und Gesch\u00e4ftsf\u00fchrer der Sanit\u00e4r Schweizer AG.<\/p>\t\t\t\t\t\t\t\t<\/div>\n\t\t\t\t<\/div>\n\t\t\t\t<\/div>\n\t\t\t\t\t<\/div>\n\t\t\t\t<\/div>\n\t\t<div class=\"elementor-element elementor-element-61d1e7f animated-slow e-flex e-con-boxed elementor-invisible e-con e-child\" data-id=\"61d1e7f\" data-element_type=\"container\" data-settings=\"{&quot;background_background&quot;:&quot;classic&quot;,&quot;animation&quot;:&quot;fadeIn&quot;,&quot;animation_delay&quot;:200}\">\n\t\t\t\t\t<div class=\"e-con-inner\">\n\t\t<div class=\"elementor-element elementor-element-f4274a1 e-con-full e-flex e-con e-child\" data-id=\"f4274a1\" data-element_type=\"container\">\n\t\t\t\t<div class=\"elementor-element elementor-element-d737d08 elementor-widget elementor-widget-heading\" data-id=\"d737d08\" data-element_type=\"widget\" data-widget_type=\"heading.default\">\n\t\t\t\t<div class=\"elementor-widget-container\">\n\t\t\t\t\t<h2 class=\"elementor-heading-title elementor-size-default\">EIN STARKES PARTNERNETZWERK<\/h2>\t\t\t\t<\/div>\n\t\t\t\t<\/div>\n\t\t\t\t<div class=\"elementor-element elementor-element-9d30206 elementor-widget elementor-widget-gallery\" data-id=\"9d30206\" data-element_type=\"widget\" data-settings=\"{&quot;columns&quot;:6,&quot;gap&quot;:{&quot;unit&quot;:&quot;px&quot;,&quot;size&quot;:50,&quot;sizes&quot;:[]},&quot;aspect_ratio&quot;:&quot;1:1&quot;,&quot;columns_mobile&quot;:2,&quot;gap_mobile&quot;:{&quot;unit&quot;:&quot;px&quot;,&quot;size&quot;:0,&quot;sizes&quot;:[]},&quot;lazyload&quot;:&quot;yes&quot;,&quot;gallery_layout&quot;:&quot;grid&quot;,&quot;columns_tablet&quot;:2,&quot;gap_tablet&quot;:{&quot;unit&quot;:&quot;px&quot;,&quot;size&quot;:10,&quot;sizes&quot;:[]},&quot;content_hover_animation&quot;:&quot;fade-in&quot;}\" data-widget_type=\"gallery.default\">\n\t\t\t\t<div class=\"elementor-widget-container\">\n\t\t\t\t\t\t\t<div class=\"elementor-gallery__container\">\n\t\t\t\t\t\t\t<div class=\"e-gallery-item elementor-gallery-item elementor-animated-content\">\n\t\t\t\t\t<div class=\"e-gallery-image elementor-gallery-item__image\" data-thumbnail=\"https:\/\/sanitaer-schweizer.ch\/wp-content\/uploads\/2023\/09\/partner-ganibau-150x150.jpg\" data-width=\"150\" data-height=\"150\" aria-label=\"\" role=\"img\" ><\/div>\n\t\t\t\t\t\t\t\t\t\t\t\t\t\t<\/div>\n\t\t\t\t\t\t\t<div class=\"e-gallery-item elementor-gallery-item elementor-animated-content\">\n\t\t\t\t\t<div class=\"e-gallery-image elementor-gallery-item__image\" data-thumbnail=\"https:\/\/sanitaer-schweizer.ch\/wp-content\/uploads\/2023\/09\/partner-arwa-150x150.jpg\" data-width=\"150\" data-height=\"150\" aria-label=\"\" role=\"img\" ><\/div>\n\t\t\t\t\t\t\t\t\t\t\t\t\t\t<\/div>\n\t\t\t\t\t\t\t<div class=\"e-gallery-item elementor-gallery-item elementor-animated-content\">\n\t\t\t\t\t<div class=\"e-gallery-image elementor-gallery-item__image\" data-thumbnail=\"https:\/\/sanitaer-schweizer.ch\/wp-content\/uploads\/2023\/09\/partner-bs-150x150.jpg\" data-width=\"150\" data-height=\"150\" aria-label=\"\" role=\"img\" ><\/div>\n\t\t\t\t\t\t\t\t\t\t\t\t\t\t<\/div>\n\t\t\t\t\t\t\t<div class=\"e-gallery-item elementor-gallery-item elementor-animated-content\">\n\t\t\t\t\t<div class=\"e-gallery-image elementor-gallery-item__image\" data-thumbnail=\"https:\/\/sanitaer-schweizer.ch\/wp-content\/uploads\/2023\/09\/partner-geberit-150x150.jpg\" data-width=\"150\" data-height=\"150\" aria-label=\"\" role=\"img\" ><\/div>\n\t\t\t\t\t\t\t\t\t\t\t\t\t\t<\/div>\n\t\t\t\t\t\t\t<div class=\"e-gallery-item elementor-gallery-item elementor-animated-content\">\n\t\t\t\t\t<div class=\"e-gallery-image elementor-gallery-item__image\" data-thumbnail=\"https:\/\/sanitaer-schweizer.ch\/wp-content\/uploads\/2023\/09\/partner-grohe-150x150.jpg\" data-width=\"150\" data-height=\"150\" aria-label=\"\" role=\"img\" ><\/div>\n\t\t\t\t\t\t\t\t\t\t\t\t\t\t<\/div>\n\t\t\t\t\t\t\t<div class=\"e-gallery-item elementor-gallery-item elementor-animated-content\">\n\t\t\t\t\t<div class=\"e-gallery-image elementor-gallery-item__image\" data-thumbnail=\"https:\/\/sanitaer-schweizer.ch\/wp-content\/uploads\/2023\/09\/partner-laufen-150x150.jpg\" data-width=\"150\" data-height=\"150\" aria-label=\"\" role=\"img\" ><\/div>\n\t\t\t\t\t\t\t\t\t\t\t\t\t\t<\/div>\n\t\t\t\t\t<\/div>\n\t\t\t\t\t<\/div>\n\t\t\t\t<\/div>\n\t\t\t\t<\/div>\n\t\t\t\t\t<\/div>\n\t\t\t\t<\/div>\n\t\t\t\t<\/div>\n\t\t","protected":false},"excerpt":{"rendered":"<p>Gemeinsam gestalten wir Zukunft. Sanit\u00e4r Schweizer AG UNTERNEHMENSPHILOSOPHIE Unsere langj\u00e4hrige Tradition ist das Herzst\u00fcck unseres Unternehmens. Sie verleiht uns Stabilit\u00e4t und bildet den roten Faden, der uns durch die Jahre begleitet. Wir sind stolz auf unsere famili\u00e4re Atmosph\u00e4re, die uns zu einem harmonischen Team macht. Bei uns ist jeder mehr als nur eine Mitarbeiterin oder [&hellip;]<\/p>\n","protected":false},"author":1,"featured_media":0,"parent":0,"menu_order":0,"comment_status":"closed","ping_status":"open","template":"","meta":{"_acf_changed":false,"footnotes":""},"class_list":["post-1981","page","type-page","status-publish","hentry"],"acf":[],"_links":{"self":[{"href":"https:\/\/sanitaer-schweizer.ch\/index.php?rest_route=\/wp\/v2\/pages\/1981","targetHints":{"allow":["GET"]}}],"collection":[{"href":"https:\/\/sanitaer-schweizer.ch\/index.php?rest_route=\/wp\/v2\/pages"}],"about":[{"href":"https:\/\/sanitaer-schweizer.ch\/index.php?rest_route=\/wp\/v2\/types\/page"}],"author":[{"embeddable":true,"href":"https:\/\/sanitaer-schweizer.ch\/index.php?rest_route=\/wp\/v2\/users\/1"}],"replies":[{"embeddable":true,"href":"https:\/\/sanitaer-schweizer.ch\/index.php?rest_route=%2Fwp%2Fv2%2Fcomments&post=1981"}],"version-history":[{"count":155,"href":"https:\/\/sanitaer-schweizer.ch\/index.php?rest_route=\/wp\/v2\/pages\/1981\/revisions"}],"predecessor-version":[{"id":2635,"href":"https:\/\/sanitaer-schweizer.ch\/index.php?rest_route=\/wp\/v2\/pages\/1981\/revisions\/2635"}],"wp:attachment":[{"href":"https:\/\/sanitaer-schweizer.ch\/index.php?rest_route=%2Fwp%2Fv2%2Fmedia&parent=1981"}],"curies":[{"name":"wp","href":"https:\/\/api.w.org\/{rel}","templated":true}]}}